{"id":19518,"date":"2021-09-14T09:03:05","date_gmt":"2021-09-14T09:03:05","guid":{"rendered":"https:\/\/antoniopalenzuela.com\/?page_id=19518"},"modified":"2024-01-14T17:06:08","modified_gmt":"2024-01-14T17:06:08","slug":"sanagustin","status":"publish","type":"page","link":"https:\/\/antoniopalenzuela.com\/index.php\/sanagustin\/","title":{"rendered":"san agustin"},"content":{"rendered":"\t\t<div data-elementor-type=\"wp-page\" data-elementor-id=\"19518\" class=\"elementor elementor-19518\">\n\t\t\t\t\t\t<div class=\"elementor-inner\">\n\t\t\t\t<div class=\"elementor-section-wrap\">\n\t\t\t\t\t\t\t\t\t<section class=\"elementor-section elementor-top-section elementor-element elementor-element-52ab63e elementor-section-boxed elementor-section-height-default elementor-section-height-default parallax_section_no qode_elementor_container_no\" data-id=\"52ab63e\" data-element_type=\"section\">\n\t\t\t\t\t\t<div class=\"elementor-container elementor-column-gap-default\">\n\t\t\t\t\t\t\t<div class=\"elementor-row\">\n\t\t\t\t\t<div class=\"elementor-column elementor-col-100 elementor-top-column elementor-element elementor-element-fa10bd1\" data-id=\"fa10bd1\" data-element_type=\"column\">\n\t\t\t<div class=\"elementor-column-wrap elementor-element-populated\">\n\t\t\t\t\t\t\t<div class=\"elementor-widget-wrap\">\n\t\t\t\t\t\t<div class=\"elementor-element elementor-element-a55641c elementor-arrows-position-inside elementor-widget elementor-widget-image-carousel\" data-id=\"a55641c\" data-element_type=\"widget\" data-settings=\"{&quot;slides_to_show&quot;:&quot;1&quot;,&quot;navigation&quot;:&quot;arrows&quot;,&quot;autoplay&quot;:&quot;no&quot;,&quot;infinite&quot;:&quot;no&quot;,&quot;speed&quot;:400,&quot;_animation&quot;:&quot;none&quot;,&quot;effect&quot;:&quot;slide&quot;}\" data-widget_type=\"image-carousel.default\">\n\t\t\t\t<div class=\"elementor-widget-container\">\n\t\t\t\t\t<div class=\"elementor-image-carousel-wrapper swiper-container\" dir=\"ltr\">\n\t\t\t<div class=\"elementor-image-carousel swiper-wrapper\">\n\t\t\t\t\t\t\t\t<div class=\"swiper-slide\"><figure class=\"swiper-slide-inner\"><img class=\"swiper-slide-image\" src=\"https:\/\/antoniopalenzuela.com\/wp-content\/uploads\/elementor\/thumbs\/906505-scaled-pd3ggmhpmn09nqqnzg83jegjsephcbv92xeooqqp3m.jpg\" alt=\"906505\" \/><\/figure><\/div><div class=\"swiper-slide\"><figure class=\"swiper-slide-inner\"><img class=\"swiper-slide-image\" src=\"https:\/\/antoniopalenzuela.com\/wp-content\/uploads\/elementor\/thumbs\/906506-scaled-e1622133495871-p7sj01q8yw1awbslio5o5ofl7bj3sf1tlzg63la5jm.jpg\" alt=\"906506\" \/><\/figure><\/div><div class=\"swiper-slide\"><figure class=\"swiper-slide-inner\"><img class=\"swiper-slide-image\" src=\"https:\/\/antoniopalenzuela.com\/wp-content\/uploads\/elementor\/thumbs\/906503-scaled-e1631611110287-pd3gwx1039b6wf2ouhrarag6gueirgjrbkho5el18y.jpg\" alt=\"906503\" \/><\/figure><\/div><div class=\"swiper-slide\"><figure class=\"swiper-slide-inner\"><img class=\"swiper-slide-image\" src=\"https:\/\/antoniopalenzuela.com\/wp-content\/uploads\/elementor\/thumbs\/906513-scaled-e1631611169409-pd3gyghhahf3xeu4unqacegdikt6dlnx76zbgqat1u.jpg\" alt=\"906513\" \/><\/figure><\/div><div class=\"swiper-slide\"><figure class=\"swiper-slide-inner\"><img class=\"swiper-slide-image\" src=\"https:\/\/antoniopalenzuela.com\/wp-content\/uploads\/elementor\/thumbs\/906502-scaled-e1631611210592-pd3gzj0v2ovv5fa5lmdzomq9vdj856wx0hq852pnyq.jpg\" alt=\"906502\" \/><\/figure><\/div><div class=\"swiper-slide\"><figure class=\"swiper-slide-inner\"><img class=\"swiper-slide-image\" src=\"https:\/\/antoniopalenzuela.com\/wp-content\/uploads\/elementor\/thumbs\/906520-scaled-e1631611252632-pd3h0mi31qdwp1ot73gblcrmtk4n4h9n5x4map34pe.jpg\" alt=\"906520\" \/><\/figure><\/div><div class=\"swiper-slide\"><figure class=\"swiper-slide-inner\"><img class=\"swiper-slide-image\" src=\"https:\/\/antoniopalenzuela.com\/wp-content\/uploads\/elementor\/thumbs\/906519-scaled-e1631611301183-pd3h1wk6cm4yhxtwq5d1hj57xftmlncho93et96u8i.jpg\" alt=\"906519\" \/><\/figure><\/div><div class=\"swiper-slide\"><figure class=\"swiper-slide-inner\"><img class=\"swiper-slide-image\" src=\"https:\/\/antoniopalenzuela.com\/wp-content\/uploads\/elementor\/thumbs\/906517-scaled-e1631611338732-pd3h2vc7dhgkfife32e8jsd9wp27ig6k518dkhr9ua.jpg\" alt=\"906517\" \/><\/figure><\/div><div class=\"swiper-slide\"><figure class=\"swiper-slide-inner\"><img class=\"swiper-slide-image\" src=\"https:\/\/antoniopalenzuela.com\/wp-content\/uploads\/elementor\/thumbs\/906516-scaled-e1631611363735-pd3h3iu64ccqhrh99ujws4fsrbuduvruk9jikesfiq.jpg\" alt=\"906516\" \/><\/figure><\/div><div class=\"swiper-slide\"><figure class=\"swiper-slide-inner\"><img class=\"swiper-slide-image\" src=\"https:\/\/antoniopalenzuela.com\/wp-content\/uploads\/elementor\/thumbs\/906511-scaled-pd3ghct6y00aotofprlnh7tgf73rburqijoa4hno9e.jpg\" alt=\"906511\" \/><\/figure><\/div><div class=\"swiper-slide\"><figure class=\"swiper-slide-inner\"><img class=\"swiper-slide-image\" src=\"https:\/\/antoniopalenzuela.com\/wp-content\/uploads\/elementor\/thumbs\/1-scaled-pd3iegvzggmacnad5534b9yku4gcao58cmijfx6kr6.jpg\" alt=\"1\" \/><\/figure><\/div><div class=\"swiper-slide\"><figure class=\"swiper-slide-inner\"><img class=\"swiper-slide-image\" src=\"https:\/\/antoniopalenzuela.com\/wp-content\/uploads\/elementor\/thumbs\/2-scaled-e1631613292541-pd3ihw0ubraulkbi64b8vwvynllfb0q2hjz5b64042.jpg\" alt=\"2\" \/><\/figure><\/div>\t\t\t<\/div>\n\t\t\t\t\t\t\t\t\t\t\t\t\t\t\t\t<div class=\"elementor-swiper-button elementor-swiper-button-prev\">\n\t\t\t\t\t\t<i aria-hidden=\"true\" class=\"eicon-chevron-left\"><\/i>\t\t\t\t\t\t<span class=\"elementor-screen-only\">Anterior<\/span>\n\t\t\t\t\t<\/div>\n\t\t\t\t\t<div class=\"elementor-swiper-button elementor-swiper-button-next\">\n\t\t\t\t\t\t<i aria-hidden=\"true\" class=\"eicon-chevron-right\"><\/i>\t\t\t\t\t\t<span class=\"elementor-screen-only\">Siguiente<\/span>\n\t\t\t\t\t<\/div>\n\t\t\t\t\t\t\t\t\t<\/div>\n\t\t\t\t<\/div>\n\t\t\t\t<\/div>\n\t\t\t\t\t\t<\/div>\n\t\t\t\t\t<\/div>\n\t\t<\/div>\n\t\t\t\t\t\t\t\t<\/div>\n\t\t\t\t\t<\/div>\n\t\t<\/section>\n\t\t\t\t<section class=\"elementor-section elementor-top-section elementor-element elementor-element-68ba721 elementor-section-boxed elementor-section-height-default elementor-section-height-default parallax_section_no qode_elementor_container_no\" data-id=\"68ba721\" data-element_type=\"section\">\n\t\t\t\t\t\t<div class=\"elementor-container elementor-column-gap-default\">\n\t\t\t\t\t\t\t<div class=\"elementor-row\">\n\t\t\t\t\t<div class=\"elementor-column elementor-col-50 elementor-top-column elementor-element elementor-element-d333a71\" data-id=\"d333a71\" data-element_type=\"column\">\n\t\t\t<div class=\"elementor-column-wrap elementor-element-populated\">\n\t\t\t\t\t\t\t<div class=\"elementor-widget-wrap\">\n\t\t\t\t\t\t<div class=\"elementor-element elementor-element-939b222 elementor-widget elementor-widget-text-editor\" data-id=\"939b222\" data-element_type=\"widget\" data-widget_type=\"text-editor.default\">\n\t\t\t\t<div class=\"elementor-widget-container\">\n\t\t\t\t\t\t\t\t<div class=\"elementor-text-editor elementor-clearfix\">\n\t\t\t\t<h1>pasarela en el colegio San Agust\u00edn<\/h1><h1>El Ejido (Almer\u00eda)<\/h1><h2>2021<\/h2><div>\u00a0<\/div><p>El objeto de la presente ampliaci\u00f3n consiste en la incorporaci\u00f3n de una pasarela y escalera que unifica los dos vol\u00famenes que componen el colegio San Agust\u00edn, situado a menos de 2 km del Parque Natural de Puntas Entinas-Sabinar en el plastificado paisaje del poniente almeriense.<\/p><p>\u00a0 \u00a0 La nueva construcci\u00f3n da respuesta a la necesidad de modernizaci\u00f3n y adaptaci\u00f3n a la normativa de contraincendios y accesibilidad, que los actuales edificios no cumpl\u00edan, y que en primera instancia se preve\u00eda resolver de manera independiente para cada unos de los edificios que conforman el colegio.<\/p><p>\u00a0 \u00a0 La propuesta unifica las dos construcciones cosiendo y construyendo recorridos fluidos en una suerte de <em>promenade architecturale<\/em>, que remomora el contexto del humedal mediterr\u00e1neo del Parque Natural de Puntas Entinas mediante el realce de la atm\u00f3sfera luminosa, resultado de los destellos y brillos de la volumetr\u00eda cer\u00e1mica.<\/p><p>\u00a0 \u00a0 Desde la abstracci\u00f3n, la intervenci\u00f3n se muestra como una yuxtaposici\u00f3n de vol\u00famenes, diferenciando la materialidad y la textura de la caja de escalera y de la pasarela al aire libre. La caja de escalera revestida por un azulejo vidriado liso de color verdoso absorbe la cambiante luz del cielo, refleja la luz y el color, el d\u00eda y el tiempo.<\/p><p>\u00a0 \u00a0 En el interior, la misma materialidad constituyen ambientes acuosos, cuando la luz entra de modo cenital mediante unas lucarnas situadas en cubierta y que es distribuida horizontalmente en el interior mediante un plano horizontal suspendido desde el cual resbala por los laterales buscando la refracci\u00f3n de la luz.<\/p>\t\t\t\t\t<\/div>\n\t\t\t\t\t\t<\/div>\n\t\t\t\t<\/div>\n\t\t\t\t\t\t<\/div>\n\t\t\t\t\t<\/div>\n\t\t<\/div>\n\t\t\t\t<div class=\"elementor-column elementor-col-50 elementor-top-column elementor-element elementor-element-94c274d\" data-id=\"94c274d\" data-element_type=\"column\">\n\t\t\t<div class=\"elementor-column-wrap elementor-element-populated\">\n\t\t\t\t\t\t\t<div class=\"elementor-widget-wrap\">\n\t\t\t\t\t\t<div class=\"elementor-element elementor-element-57b40d8 elementor-widget elementor-widget-text-editor\" data-id=\"57b40d8\" data-element_type=\"widget\" data-widget_type=\"text-editor.default\">\n\t\t\t\t<div class=\"elementor-widget-container\">\n\t\t\t\t\t\t\t\t<div class=\"elementor-text-editor elementor-clearfix\">\n\t\t\t\t<h2>\u00a0<\/h2><h2>\u00a0<\/h2><h2>\u00a0<\/h2><h2>\u00a0<\/h2><h2>\u00a0<\/h2><h2><em>The purpose of this extension is the incorporation of a walkway and staircase that unifies the two volumes that make up the San Agustin school, located less than 2 km from the Natural Park of Puntas Entinas-Sabinar in the plasticized landscape of western Almeria (Spain). <\/em><em>The new construction responds to the need for modernization and adaptation to fire and accessibility regulations, which the current buildings did not comply with, and which was initially planned to be resolved independently for each of the buildings that make up the school.<\/em><br \/><em>The proposal unifies the two buildings by stitching and building fluid routes in a sort of promenade architecturale, which is integrated into the context of the Mediterranean wetland of the Puntas Entinas Natural Park and aims to highlight its luminous atmosphere, with special attention to the volumetry and materiality towards the exterior. <\/em><em>From abstraction, the building is shown as a juxtaposition of volumes, differentiating materiality, texture and color for the stairwell and the outdoor walkway. The stairwell clad by a smooth greenish glazed tile absorbs the changing light of the sky, reflects light and color, day and time. <\/em><em>In the interior, the same materiality constitutes watery atmospheres, when the light enters from above through skylights located on the roof and is distributed horizontally in the interior by means of a suspended horizontal plane from which it slides down the sides seeking the refraction of the light.<\/em><\/h2>\t\t\t\t\t<\/div>\n\t\t\t\t\t\t<\/div>\n\t\t\t\t<\/div>\n\t\t\t\t\t\t<\/div>\n\t\t\t\t\t<\/div>\n\t\t<\/div>\n\t\t\t\t\t\t\t\t<\/div>\n\t\t\t\t\t<\/div>\n\t\t<\/section>\n\t\t\t\t<section class=\"elementor-section elementor-top-section elementor-element elementor-element-e440c65 elementor-section-boxed elementor-section-height-default elementor-section-height-default parallax_section_no qode_elementor_container_no\" data-id=\"e440c65\" data-element_type=\"section\">\n\t\t\t\t\t\t<div class=\"elementor-container elementor-column-gap-default\">\n\t\t\t\t\t\t\t<div class=\"elementor-row\">\n\t\t\t\t\t<div class=\"elementor-column elementor-col-100 elementor-top-column elementor-element elementor-element-235a13b\" data-id=\"235a13b\" data-element_type=\"column\">\n\t\t\t<div class=\"elementor-column-wrap elementor-element-populated\">\n\t\t\t\t\t\t\t<div class=\"elementor-widget-wrap\">\n\t\t\t\t\t\t<div class=\"elementor-element elementor-element-08bc3e0 elementor-widget elementor-widget-text-editor\" data-id=\"08bc3e0\" data-element_type=\"widget\" data-widget_type=\"text-editor.default\">\n\t\t\t\t<div class=\"elementor-widget-container\">\n\t\t\t\t\t\t\t\t<div class=\"elementor-text-editor elementor-clearfix\">\n\t\t\t\t<h2>Promotor:\u00a0 \u00a0 \u00a0 \u00a0Junta de Andaluc\u00eda<\/h2><h2>Presupuesto:\u00a0 183.650,90 \u20ac<\/h2><h2>Superficie:\u00a0 \u00a0 \u00a0 50,00 m2<\/h2><h2>Fotograf\u00eda:\u00a0 \u00a0 \u00a0\u00a9Fernando Alda<\/h2><h2 class=\"MsoNormal\" style=\"text-align: justify;\"><span style=\"mso-ansi-language: ES-TRAD;\">\u00a0<\/span><\/h2><p class=\"MsoNormal\" style=\"text-align: justify;\">\u00a0<\/p>\t\t\t\t\t<\/div>\n\t\t\t\t\t\t<\/div>\n\t\t\t\t<\/div>\n\t\t\t\t\t\t<\/div>\n\t\t\t\t\t<\/div>\n\t\t<\/div>\n\t\t\t\t\t\t\t\t<\/div>\n\t\t\t\t\t<\/div>\n\t\t<\/section>\n\t\t\t\t\t\t\t\t\t<\/div>\n\t\t\t<\/div>\n\t\t\t\t\t<\/div>\n\t\t","protected":false},"excerpt":{"rendered":"<p>Anterior Siguiente pasarela en el colegio San Agust\u00edn El Ejido (Almer\u00eda) 2021 \u00a0 El objeto de la presente ampliaci\u00f3n consiste en la incorporaci\u00f3n de una pasarela y escalera que unifica los dos vol\u00famenes que componen el colegio San Agust\u00edn, situado a menos de 2 km&#8230;<\/p>\n","protected":false},"author":1,"featured_media":0,"parent":0,"menu_order":0,"comment_status":"closed","ping_status":"closed","template":"","meta":[],"yoast_head":"<!-- This site is optimized with the Yoast SEO plugin v18.4.1 - https:\/\/yoast.com\/wordpress\/plugins\/seo\/ -->\n<title>san agustin - PALENZVELA taller de arquitectura<\/title>\n<meta name=\"description\" content=\"estudio de arquitectura\" \/>\n<meta name=\"robots\" content=\"index, follow, max-snippet:-1, max-image-preview:large, max-video-preview:-1\" \/>\n<link rel=\"canonical\" href=\"https:\/\/antoniopalenzuela.com\/index.php\/sanagustin\/\" \/>\n<meta property=\"og:locale\" content=\"es_ES\" \/>\n<meta property=\"og:type\" content=\"article\" \/>\n<meta property=\"og:title\" content=\"san agustin - PALENZVELA taller de arquitectura\" \/>\n<meta property=\"og:description\" content=\"estudio de arquitectura\" \/>\n<meta property=\"og:url\" content=\"https:\/\/antoniopalenzuela.com\/index.php\/sanagustin\/\" \/>\n<meta property=\"og:site_name\" content=\"PALENZVELA taller de arquitectura\" \/>\n<meta property=\"article:modified_time\" content=\"2024-01-14T17:06:08+00:00\" \/>\n<meta property=\"og:image\" content=\"https:\/\/antoniopalenzuela.com\/wp-content\/uploads\/elementor\/thumbs\/906505-scaled-pd3ggmhpmn09nqqnzg83jegjsephcbv92xeooqqp3m.jpg\" \/>\n<meta name=\"twitter:card\" content=\"summary_large_image\" \/>\n<meta name=\"twitter:label1\" content=\"Tiempo de lectura\" \/>\n\t<meta name=\"twitter:data1\" content=\"5 minutos\" \/>\n<script type=\"application\/ld+json\" class=\"yoast-schema-graph\">{\"@context\":\"https:\/\/schema.org\",\"@graph\":[{\"@type\":\"WebSite\",\"@id\":\"https:\/\/antoniopalenzuela.com\/#website\",\"url\":\"https:\/\/antoniopalenzuela.com\/\",\"name\":\"PALENZVELA taller de arquitectura\",\"description\":\"antonio palenzuela navarro arquitecto\",\"potentialAction\":[{\"@type\":\"SearchAction\",\"target\":{\"@type\":\"EntryPoint\",\"urlTemplate\":\"https:\/\/antoniopalenzuela.com\/?s={search_term_string}\"},\"query-input\":\"required name=search_term_string\"}],\"inLanguage\":\"es\"},{\"@type\":\"ImageObject\",\"@id\":\"https:\/\/antoniopalenzuela.com\/index.php\/sanagustin\/#primaryimage\",\"inLanguage\":\"es\",\"url\":\"https:\/\/antoniopalenzuela.com\/wp-content\/uploads\/elementor\/thumbs\/906505-scaled-pd3ggmhpmn09nqqnzg83jegjsephcbv92xeooqqp3m.jpg\",\"contentUrl\":\"https:\/\/antoniopalenzuela.com\/wp-content\/uploads\/elementor\/thumbs\/906505-scaled-pd3ggmhpmn09nqqnzg83jegjsephcbv92xeooqqp3m.jpg\"},{\"@type\":\"WebPage\",\"@id\":\"https:\/\/antoniopalenzuela.com\/index.php\/sanagustin\/#webpage\",\"url\":\"https:\/\/antoniopalenzuela.com\/index.php\/sanagustin\/\",\"name\":\"san agustin - PALENZVELA taller de arquitectura\",\"isPartOf\":{\"@id\":\"https:\/\/antoniopalenzuela.com\/#website\"},\"primaryImageOfPage\":{\"@id\":\"https:\/\/antoniopalenzuela.com\/index.php\/sanagustin\/#primaryimage\"},\"datePublished\":\"2021-09-14T09:03:05+00:00\",\"dateModified\":\"2024-01-14T17:06:08+00:00\",\"description\":\"estudio de arquitectura\",\"breadcrumb\":{\"@id\":\"https:\/\/antoniopalenzuela.com\/index.php\/sanagustin\/#breadcrumb\"},\"inLanguage\":\"es\",\"potentialAction\":[{\"@type\":\"ReadAction\",\"target\":[\"https:\/\/antoniopalenzuela.com\/index.php\/sanagustin\/\"]}]},{\"@type\":\"BreadcrumbList\",\"@id\":\"https:\/\/antoniopalenzuela.com\/index.php\/sanagustin\/#breadcrumb\",\"itemListElement\":[{\"@type\":\"ListItem\",\"position\":1,\"name\":\"Home\",\"item\":\"https:\/\/antoniopalenzuela.com\/\"},{\"@type\":\"ListItem\",\"position\":2,\"name\":\"san agustin\"}]}]}<\/script>\n<!-- \/ Yoast SEO plugin. -->","yoast_head_json":{"title":"san agustin - PALENZVELA taller de arquitectura","description":"estudio de arquitectura","robots":{"index":"index","follow":"follow","max-snippet":"max-snippet:-1","max-image-preview":"max-image-preview:large","max-video-preview":"max-video-preview:-1"},"canonical":"https:\/\/antoniopalenzuela.com\/index.php\/sanagustin\/","og_locale":"es_ES","og_type":"article","og_title":"san agustin - PALENZVELA taller de arquitectura","og_description":"estudio de arquitectura","og_url":"https:\/\/antoniopalenzuela.com\/index.php\/sanagustin\/","og_site_name":"PALENZVELA taller de arquitectura","article_modified_time":"2024-01-14T17:06:08+00:00","og_image":[{"url":"https:\/\/antoniopalenzuela.com\/wp-content\/uploads\/elementor\/thumbs\/906505-scaled-pd3ggmhpmn09nqqnzg83jegjsephcbv92xeooqqp3m.jpg"}],"twitter_card":"summary_large_image","twitter_misc":{"Tiempo de lectura":"5 minutos"},"schema":{"@context":"https:\/\/schema.org","@graph":[{"@type":"WebSite","@id":"https:\/\/antoniopalenzuela.com\/#website","url":"https:\/\/antoniopalenzuela.com\/","name":"PALENZVELA taller de arquitectura","description":"antonio palenzuela navarro arquitecto","potentialAction":[{"@type":"SearchAction","target":{"@type":"EntryPoint","urlTemplate":"https:\/\/antoniopalenzuela.com\/?s={search_term_string}"},"query-input":"required name=search_term_string"}],"inLanguage":"es"},{"@type":"ImageObject","@id":"https:\/\/antoniopalenzuela.com\/index.php\/sanagustin\/#primaryimage","inLanguage":"es","url":"https:\/\/antoniopalenzuela.com\/wp-content\/uploads\/elementor\/thumbs\/906505-scaled-pd3ggmhpmn09nqqnzg83jegjsephcbv92xeooqqp3m.jpg","contentUrl":"https:\/\/antoniopalenzuela.com\/wp-content\/uploads\/elementor\/thumbs\/906505-scaled-pd3ggmhpmn09nqqnzg83jegjsephcbv92xeooqqp3m.jpg"},{"@type":"WebPage","@id":"https:\/\/antoniopalenzuela.com\/index.php\/sanagustin\/#webpage","url":"https:\/\/antoniopalenzuela.com\/index.php\/sanagustin\/","name":"san agustin - PALENZVELA taller de arquitectura","isPartOf":{"@id":"https:\/\/antoniopalenzuela.com\/#website"},"primaryImageOfPage":{"@id":"https:\/\/antoniopalenzuela.com\/index.php\/sanagustin\/#primaryimage"},"datePublished":"2021-09-14T09:03:05+00:00","dateModified":"2024-01-14T17:06:08+00:00","description":"estudio de arquitectura","breadcrumb":{"@id":"https:\/\/antoniopalenzuela.com\/index.php\/sanagustin\/#breadcrumb"},"inLanguage":"es","potentialAction":[{"@type":"ReadAction","target":["https:\/\/antoniopalenzuela.com\/index.php\/sanagustin\/"]}]},{"@type":"BreadcrumbList","@id":"https:\/\/antoniopalenzuela.com\/index.php\/sanagustin\/#breadcrumb","itemListElement":[{"@type":"ListItem","position":1,"name":"Home","item":"https:\/\/antoniopalenzuela.com\/"},{"@type":"ListItem","position":2,"name":"san agustin"}]}]}},"_links":{"self":[{"href":"https:\/\/antoniopalenzuela.com\/index.php\/wp-json\/wp\/v2\/pages\/19518"}],"collection":[{"href":"https:\/\/antoniopalenzuela.com\/index.php\/wp-json\/wp\/v2\/pages"}],"about":[{"href":"https:\/\/antoniopalenzuela.com\/index.php\/wp-json\/wp\/v2\/types\/page"}],"author":[{"embeddable":true,"href":"https:\/\/antoniopalenzuela.com\/index.php\/wp-json\/wp\/v2\/users\/1"}],"replies":[{"embeddable":true,"href":"https:\/\/antoniopalenzuela.com\/index.php\/wp-json\/wp\/v2\/comments?post=19518"}],"version-history":[{"count":41,"href":"https:\/\/antoniopalenzuela.com\/index.php\/wp-json\/wp\/v2\/pages\/19518\/revisions"}],"predecessor-version":[{"id":19837,"href":"https:\/\/antoniopalenzuela.com\/index.php\/wp-json\/wp\/v2\/pages\/19518\/revisions\/19837"}],"wp:attachment":[{"href":"https:\/\/antoniopalenzuela.com\/index.php\/wp-json\/wp\/v2\/media?parent=19518"}],"curies":[{"name":"wp","href":"https:\/\/api.w.org\/{rel}","templated":true}]}}